{"id":19,"date":"2016-10-19T18:01:55","date_gmt":"2016-10-19T18:01:55","guid":{"rendered":"http:\/\/vv2751.at\/?page_id=19"},"modified":"2018-02-23T17:24:41","modified_gmt":"2018-02-23T16:24:41","slug":"aktiv-sein-und-sehenswertes","status":"publish","type":"page","link":"https:\/\/vv2751.at\/index.php\/aktiv-sein-und-sehenswertes\/","title":{"rendered":"Aktiv sein und Sehenswertes"},"content":{"rendered":"<div class=\"category-desc clearfix\"><span style=\"display: inline-block; width: 0px; overflow: hidden; line-height: 0;\" data-mce-type=\"bookmark\" class=\"mce_SELRES_start\">\ufeff<\/span><span style=\"display: inline-block; width: 0px; overflow: hidden; line-height: 0;\" data-mce-type=\"bookmark\" class=\"mce_SELRES_start\">\ufeff<\/span><\/p>\n<table>\n<tbody>\n<tr>\n<p>&nbsp;<\/td>\n<td><\/td>\n<td>&nbsp;<\/p>\n<p>&nbsp;<\/p>\n<p>&nbsp;<\/p>\n<div>Es gibt in unserem Dorf f\u00fcr die Bewohner und G\u00e4ste, die sich auf die Atmosph\u00e4re unserer Natur freuen, viel zu erleben.<\/div>\n<p><span style=\"display: inline-block; width: 0px; overflow: hidden; line-height: 0;\" data-mce-type=\"bookmark\" class=\"mce_SELRES_start\">\ufeff<\/span><\/p>\n<div>Bringen Sie sich beim Wandern, Radfahren oder Freizeitsport in Bewegung und wecken Sie Geist und Sinne f\u00fcr die Vielfalt die unsere Natur bietet.<\/div>\n<\/td>\n<\/tr>\n<\/tbody>\n<\/table>\n<\/div>\n<div class=\"items-row cols-1 row-0 row-fluid clearfix\">\n<div class=\"span12\">\n<div class=\"item column-1\">\n<div class=\"page-header\">\n<h2>Kleinkraftwerk an der Piesting<\/h2>\n<\/div>\n<div class=\"icons\"><\/div>\n<p><strong>Kleinkraftwerk mit Wasserkraftschnecke und Fischaufstieg<span style=\"display: inline-block; width: 0px; overflow: hidden; line-height: 0;\" data-mce-type=\"bookmark\" class=\"mce_SELRES_start\">\ufeff<\/span><img class=\"alignleft\"  width=\"229\" height=\"263\" \/><span style=\"display: inline-block; width: 0px; overflow: hidden; line-height: 0;\" data-mce-type=\"bookmark\" class=\"mce_SELRES_end\">\ufeff<\/span><\/strong><\/p>\n<p>Piesting km 30.158 &#8211; 30.786<\/p>\n<p>Probestau 2008<\/p>\n<p>Leistung 100kW, Jahresarbeitsverm\u00f6gen 700.000kWh<\/p>\n<p>Betreiber: Flusskraft Energieanlagen GmbH, 2813 Lichtenegg<\/p>\n<p>Gesch\u00e4tzte Baukosten: ca. \u20ac 700.000,-<\/p>\n<\/div>\n<\/div>\n<\/div>\n<div class=\"items-row cols-1 row-1 row-fluid clearfix\">\n<div class=\"span12\">\n<div class=\"item column-1\">\n<div class=\"page-header\">\n<h2>Tatra Museum<\/h2>\n<\/div>\n<div class=\"icons\"><\/div>\n<p><img decoding=\"async\" loading=\"lazy\" class=\"alignleft\" src=\"http:\/\/www.2751.at\/images\/tatra.jpg\" alt=\"\" width=\"250\" height=\"162\" \/><\/p>\n<p><strong>Tatra Museum Steinabr\u00fcckl<\/strong><\/p>\n<p>Auf 400 m\u00b2 in der Halle und 300 m\u00b2 im Freigel\u00e4nde sind derzeit 36 Exponate<br \/>\n(PKW, LKW und Motorr\u00e4der) und zeitgen\u00f6ssisches Zubeh\u00f6r zu besichtigen.<\/p>\n<p>\u00d6ffnungszeiten: Mai \u2013 Oktober jeden 1. Sonntag im Monat von 14:00 &#8211; 18:00 Uhr<br \/>\n(Gruppen nach Voranmeldung)<\/p>\n<p>Eintritt: Freie Spende<\/p>\n<p>Adresse: Leopold Lehner-Stra\u00dfe 5 2751 Steinabr\u00fcckl Telefon 02622 \/ 432 98<\/p>\n<p>&gt; mehr: <a href=\"http:\/\/www.tatraclub.at\/index.php?option=com_content&amp;view=article&amp;id=52:tatra-museum&amp;\">Homepage Tatra Museum<\/a><\/p>\n<p>&nbsp;<\/p>\n<\/div>\n<\/div>\n<\/div>\n<div class=\"items-row cols-1 row-2 row-fluid clearfix\">\n<div class=\"span12\">\n<div class=\"item column-1\">\n<div class=\"page-header\">\n<h2>Radfahren<\/h2>\n<\/div>\n<div class=\"icons\"><\/div>\n<p><strong class=\"actions\">Piestingtal-Radweg<\/strong><img decoding=\"async\" loading=\"lazy\" class=\"actions alignright\" src=\"http:\/\/www.2751.at\/images\/Radfahren.jpg\" alt=\"\" width=\"229\" height=\"182\" \/><br \/>\n<span class=\"actions\">Nach Westen geht\u2019s \u00fcber W\u00f6llersdorf durch das Tal der Dichter (Ferdinand Raimund),<br \/>\nder Musiker (Johannes Brahms) und der Historienmaler (Friedrich Gauermann und Leopold Kupelwieser) nach Gutenstein.<\/span><\/p>\n<p><span class=\"actions\">Einige Pavillons entlang der Strecke zwischen Markt Piesting und Gutenstein bieten Einblicke in die Zeit des Biedermeiers von 1815 bis 1848.<\/span><\/p>\n<p><span class=\"actions\">Die Ausstellung im<\/span> Waldbauernmuseum<span class=\"actions\"> in Gutenstein l\u00e4sst diese vergangene Zeit im Piestingtal wieder aufleben. <\/span><br \/>\nDie Strecke ist durchgehend asphaltiert und ca. 35 km lang.<\/p>\n<p><strong>Nach Osten geht\u2019s \u00fcber Felixdorf und Sollenau zum Thermenradweg bzw. EuroVelo9.<\/strong><\/p>\n<p>Hier kann man sch\u00f6n neben dem Wiener Neust\u00e4dter Kanal Richtung Laxenburg fahren. Oder man w\u00e4hlt den EuroVelo9 \u2013 den l\u00e4ngsten der Euro-Radwege, der von Danzig nach Triest f\u00fchrt.<\/p>\n<p>N\u00e4here Infos erhalten Sie unter:<br \/>\n<a href=\"http:\/\/www.wieneralpen.at\/default.asp?id=56009&amp;tt=WANOE_R22\">&gt; Wiener Alpen<\/a><br \/>\n<a href=\"http:\/\/www.niederoesterreich.at\/portal\/default.asp?tt=NOE09_R13&amp;id=114835\">&gt; Nieder\u00f6sterreich<\/a><br \/>\n<a href=\"http:\/\/www.biedermeiertal.at\/radwanderweg\/\">&gt; Biedermeiertal<\/a><br \/>\n<a href=\"http:\/\/www.steiermark.com\/de\/poi\/radtour-thermenradweg-eurovelo-9_42883\">&gt; Eurovelo 9<\/a><\/p>\n<p>&nbsp;<\/p>\n<\/div>\n<\/div>\n<\/div>\n<div class=\"items-row cols-1 row-3 row-fluid clearfix\">\n<div class=\"span12\">\n<div class=\"item column-1\">\n<div class=\"page-header\">\n<h2>Wandern<\/h2>\n<\/div>\n<div class=\"icons\"><\/div>\n<p><strong>Panoramaweg<img decoding=\"async\" loading=\"lazy\" src=\"http:\/\/www.2751.at\/images\/famwandern.jpg\" alt=\"famwandern\" width=\"265\" height=\"168\" \/><\/strong><\/p>\n<p>sch\u00f6ner Rundblick \u00fcber die Marktgemeinde, Gehzeit ca. 2 Stunden, Schautafeln mit typischen heimischen Flora- und Faunabeispielen und Aussichtspunkten wie dem Lorelei-Felsen, H\u00f6llturm und der Annakapelle (an der Piesting).<br \/>\nBeginn beim &#8222;Roten Kreuz&#8220; (an der Piesting, nach der Autobahnbr\u00fccke).<\/p>\n<p><strong>231-V<\/strong><\/p>\n<p>ein erst kurz bestehender Rundwanderweg, der Steinabr\u00fcckl mit dem Gemeindegebiet von Piesting verbindet. Die Streckenl\u00e4nge dieses gesamten Weges betr\u00e4gt ca. 18 Kilometer, die Gehzeit wird mit 3 \u00bd Stunden angegeben.<br \/>\nBeginn nach dem Tennisplatz.<\/p>\n<p><strong>231<\/strong><\/p>\n<p>der Piestingtal (Biedermeiertal) Rundwanderweg, der bei einer Streckenl\u00e4nge von rund 120 Kilometern rund um das sch\u00f6ne Piestingtal f\u00fchrt. Mit dem Gedanken, m\u00f6glichst vielen Menschen Freude zu machen, wurde dieser Rundwanderweg bereits 1977 angelegt.<br \/>\nBeginn im Anschlu\u00df an den 231-V<\/p>\n<\/div>\n<\/div>\n<\/div>\n","protected":false},"excerpt":{"rendered":"<p>\ufeff\ufeff &nbsp; &nbsp; &nbsp; &nbsp; Es gibt in unserem Dorf f\u00fcr die Bewohner und G\u00e4ste, die sich auf die Atmosph\u00e4re unserer Natur freuen, viel zu erleben. \ufeff Bringen Sie sich beim Wandern, Radfahren oder Freizeitsport in Bewegung und wecken Sie Geist und Sinne f\u00fcr die Vielfalt die unsere Natur bietet. Kleinkraftwerk an der Piesting Kleinkraftwerk [&hellip;]<\/p>\n","protected":false},"author":1,"featured_media":0,"parent":0,"menu_order":0,"comment_status":"closed","ping_status":"closed","template":"","meta":{"ngg_post_thumbnail":0},"yoast_head":"<!-- This site is optimized with the Yoast SEO plugin v20.2.1 - https:\/\/yoast.com\/wordpress\/plugins\/seo\/ -->\n<title>Aktiv sein und Sehenswertes - Versch\u00f6nerungsverein<\/title>\n<meta name=\"robots\" content=\"index, follow, max-snippet:-1, max-image-preview:large, max-video-preview:-1\" \/>\n<link rel=\"canonical\" href=\"https:\/\/vv2751.at\/index.php\/aktiv-sein-und-sehenswertes\/\" \/>\n<meta property=\"og:locale\" content=\"de_DE\" \/>\n<meta property=\"og:type\" content=\"article\" \/>\n<meta property=\"og:title\" content=\"Aktiv sein und Sehenswertes - Versch\u00f6nerungsverein\" \/>\n<meta property=\"og:description\" content=\"\ufeff\ufeff &nbsp; &nbsp; &nbsp; &nbsp; Es gibt in unserem Dorf f\u00fcr die Bewohner und G\u00e4ste, die sich auf die Atmosph\u00e4re unserer Natur freuen, viel zu erleben. \ufeff Bringen Sie sich beim Wandern, Radfahren oder Freizeitsport in Bewegung und wecken Sie Geist und Sinne f\u00fcr die Vielfalt die unsere Natur bietet. Kleinkraftwerk an der Piesting Kleinkraftwerk [&hellip;]\" \/>\n<meta property=\"og:url\" content=\"https:\/\/vv2751.at\/index.php\/aktiv-sein-und-sehenswertes\/\" \/>\n<meta property=\"og:site_name\" content=\"Versch\u00f6nerungsverein\" \/>\n<meta property=\"article:publisher\" content=\"https:\/\/www.facebook.com\/search\/top?q=verschnerungsvereinsteinabrcklheideansiedlung\" \/>\n<meta property=\"article:modified_time\" content=\"2018-02-23T16:24:41+00:00\" \/>\n<meta property=\"og:image\" content=\"http:\/\/www.2751.at\/images\/tatra.jpg\" \/>\n<meta name=\"twitter:card\" content=\"summary_large_image\" \/>\n<meta name=\"twitter:label1\" content=\"Gesch\u00e4tzte Lesezeit\" \/>\n\t<meta name=\"twitter:data1\" content=\"2 Minuten\" \/>\n<script type=\"application\/ld+json\" class=\"yoast-schema-graph\">{\"@context\":\"https:\/\/schema.org\",\"@graph\":[{\"@type\":\"WebPage\",\"@id\":\"https:\/\/vv2751.at\/index.php\/aktiv-sein-und-sehenswertes\/\",\"url\":\"https:\/\/vv2751.at\/index.php\/aktiv-sein-und-sehenswertes\/\",\"name\":\"Aktiv sein und Sehenswertes - Versch\u00f6nerungsverein\",\"isPartOf\":{\"@id\":\"https:\/\/vv2751.at\/#website\"},\"datePublished\":\"2016-10-19T18:01:55+00:00\",\"dateModified\":\"2018-02-23T16:24:41+00:00\",\"breadcrumb\":{\"@id\":\"https:\/\/vv2751.at\/index.php\/aktiv-sein-und-sehenswertes\/#breadcrumb\"},\"inLanguage\":\"de-DE\",\"potentialAction\":[{\"@type\":\"ReadAction\",\"target\":[\"https:\/\/vv2751.at\/index.php\/aktiv-sein-und-sehenswertes\/\"]}]},{\"@type\":\"BreadcrumbList\",\"@id\":\"https:\/\/vv2751.at\/index.php\/aktiv-sein-und-sehenswertes\/#breadcrumb\",\"itemListElement\":[{\"@type\":\"ListItem\",\"position\":1,\"name\":\"Startseite\",\"item\":\"https:\/\/vv2751.at\/\"},{\"@type\":\"ListItem\",\"position\":2,\"name\":\"Aktiv sein und Sehenswertes\"}]},{\"@type\":\"WebSite\",\"@id\":\"https:\/\/vv2751.at\/#website\",\"url\":\"https:\/\/vv2751.at\/\",\"name\":\"Versch\u00f6nerungsverein\",\"description\":\"Steinabr\u00fcckl \/ Heideansiedlung\",\"publisher\":{\"@id\":\"https:\/\/vv2751.at\/#organization\"},\"potentialAction\":[{\"@type\":\"SearchAction\",\"target\":{\"@type\":\"EntryPoint\",\"urlTemplate\":\"https:\/\/vv2751.at\/?s={search_term_string}\"},\"query-input\":\"required name=search_term_string\"}],\"inLanguage\":\"de-DE\"},{\"@type\":\"Organization\",\"@id\":\"https:\/\/vv2751.at\/#organization\",\"name\":\"Versch\u00f6nerungsverein\",\"url\":\"https:\/\/vv2751.at\/\",\"logo\":{\"@type\":\"ImageObject\",\"inLanguage\":\"de-DE\",\"@id\":\"https:\/\/vv2751.at\/#\/schema\/logo\/image\/\",\"url\":\"https:\/\/vv2751.at\/wp-content\/uploads\/2018\/04\/logo2.png\",\"contentUrl\":\"https:\/\/vv2751.at\/wp-content\/uploads\/2018\/04\/logo2.png\",\"width\":377,\"height\":377,\"caption\":\"Versch\u00f6nerungsverein\"},\"image\":{\"@id\":\"https:\/\/vv2751.at\/#\/schema\/logo\/image\/\"},\"sameAs\":[\"https:\/\/www.facebook.com\/search\/top?q=verschnerungsvereinsteinabrcklheideansiedlung\"]}]}<\/script>\n<!-- \/ Yoast SEO plugin. -->","yoast_head_json":{"title":"Aktiv sein und Sehenswertes - Versch\u00f6nerungsverein","robots":{"index":"index","follow":"follow","max-snippet":"max-snippet:-1","max-image-preview":"max-image-preview:large","max-video-preview":"max-video-preview:-1"},"canonical":"https:\/\/vv2751.at\/index.php\/aktiv-sein-und-sehenswertes\/","og_locale":"de_DE","og_type":"article","og_title":"Aktiv sein und Sehenswertes - Versch\u00f6nerungsverein","og_description":"\ufeff\ufeff &nbsp; &nbsp; &nbsp; &nbsp; Es gibt in unserem Dorf f\u00fcr die Bewohner und G\u00e4ste, die sich auf die Atmosph\u00e4re unserer Natur freuen, viel zu erleben. \ufeff Bringen Sie sich beim Wandern, Radfahren oder Freizeitsport in Bewegung und wecken Sie Geist und Sinne f\u00fcr die Vielfalt die unsere Natur bietet. Kleinkraftwerk an der Piesting Kleinkraftwerk [&hellip;]","og_url":"https:\/\/vv2751.at\/index.php\/aktiv-sein-und-sehenswertes\/","og_site_name":"Versch\u00f6nerungsverein","article_publisher":"https:\/\/www.facebook.com\/search\/top?q=verschnerungsvereinsteinabrcklheideansiedlung","article_modified_time":"2018-02-23T16:24:41+00:00","og_image":[{"url":"http:\/\/www.2751.at\/images\/tatra.jpg"}],"twitter_card":"summary_large_image","twitter_misc":{"Gesch\u00e4tzte Lesezeit":"2 Minuten"},"schema":{"@context":"https:\/\/schema.org","@graph":[{"@type":"WebPage","@id":"https:\/\/vv2751.at\/index.php\/aktiv-sein-und-sehenswertes\/","url":"https:\/\/vv2751.at\/index.php\/aktiv-sein-und-sehenswertes\/","name":"Aktiv sein und Sehenswertes - Versch\u00f6nerungsverein","isPartOf":{"@id":"https:\/\/vv2751.at\/#website"},"datePublished":"2016-10-19T18:01:55+00:00","dateModified":"2018-02-23T16:24:41+00:00","breadcrumb":{"@id":"https:\/\/vv2751.at\/index.php\/aktiv-sein-und-sehenswertes\/#breadcrumb"},"inLanguage":"de-DE","potentialAction":[{"@type":"ReadAction","target":["https:\/\/vv2751.at\/index.php\/aktiv-sein-und-sehenswertes\/"]}]},{"@type":"BreadcrumbList","@id":"https:\/\/vv2751.at\/index.php\/aktiv-sein-und-sehenswertes\/#breadcrumb","itemListElement":[{"@type":"ListItem","position":1,"name":"Startseite","item":"https:\/\/vv2751.at\/"},{"@type":"ListItem","position":2,"name":"Aktiv sein und Sehenswertes"}]},{"@type":"WebSite","@id":"https:\/\/vv2751.at\/#website","url":"https:\/\/vv2751.at\/","name":"Versch\u00f6nerungsverein","description":"Steinabr\u00fcckl \/ Heideansiedlung","publisher":{"@id":"https:\/\/vv2751.at\/#organization"},"potentialAction":[{"@type":"SearchAction","target":{"@type":"EntryPoint","urlTemplate":"https:\/\/vv2751.at\/?s={search_term_string}"},"query-input":"required name=search_term_string"}],"inLanguage":"de-DE"},{"@type":"Organization","@id":"https:\/\/vv2751.at\/#organization","name":"Versch\u00f6nerungsverein","url":"https:\/\/vv2751.at\/","logo":{"@type":"ImageObject","inLanguage":"de-DE","@id":"https:\/\/vv2751.at\/#\/schema\/logo\/image\/","url":"https:\/\/vv2751.at\/wp-content\/uploads\/2018\/04\/logo2.png","contentUrl":"https:\/\/vv2751.at\/wp-content\/uploads\/2018\/04\/logo2.png","width":377,"height":377,"caption":"Versch\u00f6nerungsverein"},"image":{"@id":"https:\/\/vv2751.at\/#\/schema\/logo\/image\/"},"sameAs":["https:\/\/www.facebook.com\/search\/top?q=verschnerungsvereinsteinabrcklheideansiedlung"]}]}},"post_mailing_queue_ids":[],"_links":{"self":[{"href":"https:\/\/vv2751.at\/index.php\/wp-json\/wp\/v2\/pages\/19"}],"collection":[{"href":"https:\/\/vv2751.at\/index.php\/wp-json\/wp\/v2\/pages"}],"about":[{"href":"https:\/\/vv2751.at\/index.php\/wp-json\/wp\/v2\/types\/page"}],"author":[{"embeddable":true,"href":"https:\/\/vv2751.at\/index.php\/wp-json\/wp\/v2\/users\/1"}],"replies":[{"embeddable":true,"href":"https:\/\/vv2751.at\/index.php\/wp-json\/wp\/v2\/comments?post=19"}],"version-history":[{"count":4,"href":"https:\/\/vv2751.at\/index.php\/wp-json\/wp\/v2\/pages\/19\/revisions"}],"predecessor-version":[{"id":21,"href":"https:\/\/vv2751.at\/index.php\/wp-json\/wp\/v2\/pages\/19\/revisions\/21"}],"wp:attachment":[{"href":"https:\/\/vv2751.at\/index.php\/wp-json\/wp\/v2\/media?parent=19"}],"curies":[{"name":"wp","href":"https:\/\/api.w.org\/{rel}","templated":true}]}}